{"id":1167,"date":"2020-06-19T22:57:03","date_gmt":"2020-06-19T22:57:03","guid":{"rendered":"https:\/\/bioay.org\/?page_id=1167"},"modified":"2020-09-01T03:04:06","modified_gmt":"2020-09-01T03:04:06","slug":"visite-la-bioay","status":"publish","type":"page","link":"https:\/\/bioay.org\/?page_id=1167","title":{"rendered":"Visite la BIOAY"},"content":{"rendered":"<p>[vc_row][vc_column width=\u00bb1\/2&#8243;][vc_single_image image=\u00bb1169&#8243; img_size=\u00bblarge\u00bb css_animation=\u00bbzoomInDown\u00bb][\/vc_column][vc_column width=\u00bb1\/2&#8243;][vc_single_image image=\u00bb926&#8243; img_size=\u00bblarge\u00bb alignment=\u00bbcenter\u00bb css_animation=\u00bbpulse\u00bb][\/vc_column][\/vc_row][vc_row][vc_column][vc_column_text css_animation=\u00bbfadeInUp\u00bb]<\/p>\n<p style=\"text-align: justify;\">La Reserva de Biosfera del Per\u00fa m\u00e1s recientemente registrada (2010) es la Reserva de Biosfera Oxapampa-Ash\u00e1ninka-Y\u00e1nesha, ubicada en el departamento de Pasco. La Reserva ocupa un territorio de 1 mill\u00f3n 800 mil hect\u00e1reas que comprenden dentro de su extensi\u00f3n al Parque Nacional Yanachaga Chemill\u00e9n, las Reservas Comunales de Y\u00e1nesha y El Sira, as\u00ed como el Bosque de Protecci\u00f3n de San Mat\u00edas San Carlos. Esta Reserva de Biosfera constituye en punto muy importante de conservaci\u00f3n por la presencia de culturas ind\u00edgenas, cultivos sostenibles y \u00e1reas naturales protegidas.<\/p>\n<p style=\"text-align: justify;\">La notable gradiente altitudinal, sumada a su variedad clim\u00e1tica genera una alta variedad de formaciones ecol\u00f3gicas en un espacio geogr\u00e1fico relativamente peque\u00f1o, con una consecuente alta diversidad biol\u00f3gica. Posee ambientes acu\u00e1ticos en interrelaci\u00f3n con el bosque que permiten una fauna muy variada, conservando bosques inalterados y albergando endemismos de inter\u00e9s nacional.<\/p>\n\n\t\t\t<style type='text\/css'>\n\t\t\t\t#gallery-1 {\n\t\t\t\t\tmargin: auto;\n\t\t\t\t}\n\t\t\t\t#gallery-1 .gallery-item {\n\t\t\t\t\tfloat: left;\n\t\t\t\t\tmargin-top: 10px;\n\t\t\t\t\ttext-align: center;\n\t\t\t\t\twidth: 33%;\n\t\t\t\t}\n\t\t\t\t#gallery-1 img {\n\t\t\t\t\tborder: 2px solid #cfcfcf;\n\t\t\t\t}\n\t\t\t\t#gallery-1 .gallery-caption {\n\t\t\t\t\tmargin-left: 0;\n\t\t\t\t}\n\t\t\t\t\/* see gallery_shortcode() in wp-includes\/media.php *\/\n\t\t\t<\/style>\n\t\t<div id='gallery-1' class='dt-gallery-container gallery galleryid-1167 gallery-columns-3 gallery-size-medium'><dl class='gallery-item'>\n\t\t\t\t<dt class='gallery-icon landscape'>\n\t\t\t\t\t<a class=\"rollover\" href='https:\/\/bioay.org\/?attachment_id=1442'><img fetchpriority=\"high\" decoding=\"async\" width=\"300\" height=\"200\" src=\"https:\/\/bioay.org\/wp-content\/uploads\/2020\/09\/Plaza-Principal-de-Huancabamba-7-300x200.jpg\" class=\"attachment-medium size-medium\" alt=\"\" srcset=\"https:\/\/bioay.org\/wp-content\/uploads\/2020\/09\/Plaza-Principal-de-Huancabamba-7-300x200.jpg 300w, https:\/\/bioay.org\/wp-content\/uploads\/2020\/09\/Plaza-Principal-de-Huancabamba-7-1024x683.jpg 1024w, https:\/\/bioay.org\/wp-content\/uploads\/2020\/09\/Plaza-Principal-de-Huancabamba-7-768x513.jpg 768w, https:\/\/bioay.org\/wp-content\/uploads\/2020\/09\/Plaza-Principal-de-Huancabamba-7-1536x1025.jpg 1536w, https:\/\/bioay.org\/wp-content\/uploads\/2020\/09\/Plaza-Principal-de-Huancabamba-7-2048x1367.jpg 2048w\" sizes=\"(max-width: 300px) 100vw, 300px\" \/><\/a>\n\t\t\t\t<\/dt><\/dl><dl class='gallery-item'>\n\t\t\t\t<dt class='gallery-icon landscape'>\n\t\t\t\t\t<a class=\"rollover\" href='https:\/\/bioay.org\/?attachment_id=1443'><img decoding=\"async\" width=\"300\" height=\"200\" src=\"https:\/\/bioay.org\/wp-content\/uploads\/2020\/09\/Yompor-Yompere-5-300x200.jpg\" class=\"attachment-medium size-medium\" alt=\"\" srcset=\"https:\/\/bioay.org\/wp-content\/uploads\/2020\/09\/Yompor-Yompere-5-300x200.jpg 300w, https:\/\/bioay.org\/wp-content\/uploads\/2020\/09\/Yompor-Yompere-5-1024x683.jpg 1024w, https:\/\/bioay.org\/wp-content\/uploads\/2020\/09\/Yompor-Yompere-5-768x513.jpg 768w, https:\/\/bioay.org\/wp-content\/uploads\/2020\/09\/Yompor-Yompere-5-1536x1025.jpg 1536w, https:\/\/bioay.org\/wp-content\/uploads\/2020\/09\/Yompor-Yompere-5-2048x1367.jpg 2048w\" sizes=\"(max-width: 300px) 100vw, 300px\" \/><\/a>\n\t\t\t\t<\/dt><\/dl><dl class='gallery-item'>\n\t\t\t\t<dt class='gallery-icon landscape'>\n\t\t\t\t\t<a class=\"rollover\" href='https:\/\/bioay.org\/?attachment_id=1411'><img decoding=\"async\" width=\"300\" height=\"200\" src=\"https:\/\/bioay.org\/wp-content\/uploads\/2020\/08\/Productos-Cho-Moth9-300x200.jpg\" class=\"attachment-medium size-medium\" alt=\"\" srcset=\"https:\/\/bioay.org\/wp-content\/uploads\/2020\/08\/Productos-Cho-Moth9-300x200.jpg 300w, https:\/\/bioay.org\/wp-content\/uploads\/2020\/08\/Productos-Cho-Moth9-1024x683.jpg 1024w, https:\/\/bioay.org\/wp-content\/uploads\/2020\/08\/Productos-Cho-Moth9-768x513.jpg 768w, https:\/\/bioay.org\/wp-content\/uploads\/2020\/08\/Productos-Cho-Moth9-1536x1025.jpg 1536w, https:\/\/bioay.org\/wp-content\/uploads\/2020\/08\/Productos-Cho-Moth9-2048x1367.jpg 2048w\" sizes=\"(max-width: 300px) 100vw, 300px\" \/><\/a>\n\t\t\t\t<\/dt><\/dl><br style=\"clear: both\" \/>\n\t\t\t<\/div>\n\n<p style=\"text-align: justify;\">Adem\u00e1s de conservar la naturaleza, las Reservas Comunales de Y\u00e1nesha y El Sira tienen como su objetivo principal garantizar el aprovechamiento sostenible de los recursos silvestres para las comunidades nativas, cuya poblaci\u00f3n pertenece a los grupos \u00e9tnicos Ash\u00e1ninka, Asheninka, Llaneza y Shipibo-Conibo, disminuyendo la presi\u00f3n externa al interior de su territorio titulado, asegurando su participaci\u00f3n en la conservaci\u00f3n y propiciando la mejora de sus condiciones de vida.<\/p>\n<p>Fuente: SERNANP[\/vc_column_text][\/vc_column][\/vc_row]<\/p>\n","protected":false},"excerpt":{"rendered":"<p>[vc_row][vc_column width=\u00bb1\/2&#8243;][vc_single_image image=\u00bb1169&#8243; img_size=\u00bblarge\u00bb css_animation=\u00bbzoomInDown\u00bb][\/vc_column][vc_column width=\u00bb1\/2&#8243;][vc_single_image image=\u00bb926&#8243; img_size=\u00bblarge\u00bb alignment=\u00bbcenter\u00bb css_animation=\u00bbpulse\u00bb][\/vc_column][\/vc_row][vc_row][vc_column][vc_column_text css_animation=\u00bbfadeInUp\u00bb] La Reserva de Biosfera del Per\u00fa m\u00e1s recientemente registrada (2010) es la Reserva de Biosfera Oxapampa-Ash\u00e1ninka-Y\u00e1nesha, ubicada en el departamento de Pasco. La Reserva ocupa un territorio de 1 mill\u00f3n 800 mil hect\u00e1reas que comprenden dentro de su extensi\u00f3n al Parque Nacional Yanachaga Chemill\u00e9n,&hellip;<\/p>\n","protected":false},"author":4,"featured_media":0,"parent":0,"menu_order":0,"comment_status":"closed","ping_status":"closed","template":"","meta":{"_joinchat":[]},"class_list":["post-1167","page","type-page","status-publish","hentry","description-off"],"yoast_head":"<!-- This site is optimized with the Yoast SEO plugin v26.2 - https:\/\/yoast.com\/wordpress\/plugins\/seo\/ -->\n<title>Visite la BIOAY - BIOAY<\/title>\n<meta name=\"robots\" content=\"index, follow, max-snippet:-1, max-image-preview:large, max-video-preview:-1\" \/>\n<link rel=\"canonical\" href=\"https:\/\/bioay.org\/?page_id=1167\" \/>\n<meta property=\"og:locale\" content=\"es_ES\" \/>\n<meta property=\"og:type\" content=\"article\" \/>\n<meta property=\"og:title\" content=\"Visite la BIOAY - BIOAY\" \/>\n<meta property=\"og:description\" content=\"[vc_row][vc_column width=\u00bb1\/2&#8243;][vc_single_image image=\u00bb1169&#8243; img_size=\u00bblarge\u00bb css_animation=\u00bbzoomInDown\u00bb][\/vc_column][vc_column width=\u00bb1\/2&#8243;][vc_single_image image=\u00bb926&#8243; img_size=\u00bblarge\u00bb alignment=\u00bbcenter\u00bb css_animation=\u00bbpulse\u00bb][\/vc_column][\/vc_row][vc_row][vc_column][vc_column_text css_animation=\u00bbfadeInUp\u00bb] La Reserva de Biosfera del Per\u00fa m\u00e1s recientemente registrada (2010) es la Reserva de Biosfera Oxapampa-Ash\u00e1ninka-Y\u00e1nesha, ubicada en el departamento de Pasco. La Reserva ocupa un territorio de 1 mill\u00f3n 800 mil hect\u00e1reas que comprenden dentro de su extensi\u00f3n al Parque Nacional Yanachaga Chemill\u00e9n,&hellip;\" \/>\n<meta property=\"og:url\" content=\"https:\/\/bioay.org\/?page_id=1167\" \/>\n<meta property=\"og:site_name\" content=\"BIOAY\" \/>\n<meta property=\"article:publisher\" content=\"https:\/\/web.facebook.com\/BIOAYOFICIAL\" \/>\n<meta property=\"article:modified_time\" content=\"2020-09-01T03:04:06+00:00\" \/>\n<meta name=\"twitter:card\" content=\"summary_large_image\" \/>\n<meta name=\"twitter:site\" content=\"@biosferaoxa\" \/>\n<meta name=\"twitter:label1\" content=\"Tiempo de lectura\" \/>\n\t<meta name=\"twitter:data1\" content=\"1 minuto\" \/>\n<script type=\"application\/ld+json\" class=\"yoast-schema-graph\">{\"@context\":\"https:\/\/schema.org\",\"@graph\":[{\"@type\":\"WebPage\",\"@id\":\"https:\/\/bioay.org\/?page_id=1167\",\"url\":\"https:\/\/bioay.org\/?page_id=1167\",\"name\":\"Visite la BIOAY - BIOAY\",\"isPartOf\":{\"@id\":\"https:\/\/bioay.org\/#website\"},\"datePublished\":\"2020-06-19T22:57:03+00:00\",\"dateModified\":\"2020-09-01T03:04:06+00:00\",\"breadcrumb\":{\"@id\":\"https:\/\/bioay.org\/?page_id=1167#breadcrumb\"},\"inLanguage\":\"es\",\"potentialAction\":[{\"@type\":\"ReadAction\",\"target\":[\"https:\/\/bioay.org\/?page_id=1167\"]}]},{\"@type\":\"BreadcrumbList\",\"@id\":\"https:\/\/bioay.org\/?page_id=1167#breadcrumb\",\"itemListElement\":[{\"@type\":\"ListItem\",\"position\":1,\"name\":\"Portada\",\"item\":\"https:\/\/bioay.org\/\"},{\"@type\":\"ListItem\",\"position\":2,\"name\":\"Visite la BIOAY\"}]},{\"@type\":\"WebSite\",\"@id\":\"https:\/\/bioay.org\/#website\",\"url\":\"https:\/\/bioay.org\/\",\"name\":\"Reserva de Biosfera Oxapampa Ash\u00e1ninka Y\u00e1nesha\",\"description\":\"Reserva de Bi\u00f3sfera Oxapampa Ashaninka Yanesha\",\"publisher\":{\"@id\":\"https:\/\/bioay.org\/#organization\"},\"potentialAction\":[{\"@type\":\"SearchAction\",\"target\":{\"@type\":\"EntryPoint\",\"urlTemplate\":\"https:\/\/bioay.org\/?s={search_term_string}\"},\"query-input\":{\"@type\":\"PropertyValueSpecification\",\"valueRequired\":true,\"valueName\":\"search_term_string\"}}],\"inLanguage\":\"es\"},{\"@type\":\"Organization\",\"@id\":\"https:\/\/bioay.org\/#organization\",\"name\":\"Reserva de Biosfera Oxapampa Ash\u00e1ninka Y\u00e1nesha\",\"url\":\"https:\/\/bioay.org\/\",\"logo\":{\"@type\":\"ImageObject\",\"inLanguage\":\"es\",\"@id\":\"https:\/\/bioay.org\/#\/schema\/logo\/image\/\",\"url\":\"https:\/\/bioay.org\/wp-content\/uploads\/2020\/09\/logo-bioay-1.png\",\"contentUrl\":\"https:\/\/bioay.org\/wp-content\/uploads\/2020\/09\/logo-bioay-1.png\",\"width\":225,\"height\":225,\"caption\":\"Reserva de Biosfera Oxapampa Ash\u00e1ninka Y\u00e1nesha\"},\"image\":{\"@id\":\"https:\/\/bioay.org\/#\/schema\/logo\/image\/\"},\"sameAs\":[\"https:\/\/web.facebook.com\/BIOAYOFICIAL\",\"https:\/\/x.com\/biosferaoxa\",\"https:\/\/www.instagram.com\/biosferaoxapampa\/\",\"https:\/\/www.youtube.com\/channel\/UCKNpZrZsnVsKI4YgsaiTCbA\"]}]}<\/script>\n<!-- \/ Yoast SEO plugin. -->","yoast_head_json":{"title":"Visite la BIOAY - BIOAY","robots":{"index":"index","follow":"follow","max-snippet":"max-snippet:-1","max-image-preview":"max-image-preview:large","max-video-preview":"max-video-preview:-1"},"canonical":"https:\/\/bioay.org\/?page_id=1167","og_locale":"es_ES","og_type":"article","og_title":"Visite la BIOAY - BIOAY","og_description":"[vc_row][vc_column width=\u00bb1\/2&#8243;][vc_single_image image=\u00bb1169&#8243; img_size=\u00bblarge\u00bb css_animation=\u00bbzoomInDown\u00bb][\/vc_column][vc_column width=\u00bb1\/2&#8243;][vc_single_image image=\u00bb926&#8243; img_size=\u00bblarge\u00bb alignment=\u00bbcenter\u00bb css_animation=\u00bbpulse\u00bb][\/vc_column][\/vc_row][vc_row][vc_column][vc_column_text css_animation=\u00bbfadeInUp\u00bb] La Reserva de Biosfera del Per\u00fa m\u00e1s recientemente registrada (2010) es la Reserva de Biosfera Oxapampa-Ash\u00e1ninka-Y\u00e1nesha, ubicada en el departamento de Pasco. La Reserva ocupa un territorio de 1 mill\u00f3n 800 mil hect\u00e1reas que comprenden dentro de su extensi\u00f3n al Parque Nacional Yanachaga Chemill\u00e9n,&hellip;","og_url":"https:\/\/bioay.org\/?page_id=1167","og_site_name":"BIOAY","article_publisher":"https:\/\/web.facebook.com\/BIOAYOFICIAL","article_modified_time":"2020-09-01T03:04:06+00:00","twitter_card":"summary_large_image","twitter_site":"@biosferaoxa","twitter_misc":{"Tiempo de lectura":"1 minuto"},"schema":{"@context":"https:\/\/schema.org","@graph":[{"@type":"WebPage","@id":"https:\/\/bioay.org\/?page_id=1167","url":"https:\/\/bioay.org\/?page_id=1167","name":"Visite la BIOAY - BIOAY","isPartOf":{"@id":"https:\/\/bioay.org\/#website"},"datePublished":"2020-06-19T22:57:03+00:00","dateModified":"2020-09-01T03:04:06+00:00","breadcrumb":{"@id":"https:\/\/bioay.org\/?page_id=1167#breadcrumb"},"inLanguage":"es","potentialAction":[{"@type":"ReadAction","target":["https:\/\/bioay.org\/?page_id=1167"]}]},{"@type":"BreadcrumbList","@id":"https:\/\/bioay.org\/?page_id=1167#breadcrumb","itemListElement":[{"@type":"ListItem","position":1,"name":"Portada","item":"https:\/\/bioay.org\/"},{"@type":"ListItem","position":2,"name":"Visite la BIOAY"}]},{"@type":"WebSite","@id":"https:\/\/bioay.org\/#website","url":"https:\/\/bioay.org\/","name":"Reserva de Biosfera Oxapampa Ash\u00e1ninka Y\u00e1nesha","description":"Reserva de Bi\u00f3sfera Oxapampa Ashaninka Yanesha","publisher":{"@id":"https:\/\/bioay.org\/#organization"},"potentialAction":[{"@type":"SearchAction","target":{"@type":"EntryPoint","urlTemplate":"https:\/\/bioay.org\/?s={search_term_string}"},"query-input":{"@type":"PropertyValueSpecification","valueRequired":true,"valueName":"search_term_string"}}],"inLanguage":"es"},{"@type":"Organization","@id":"https:\/\/bioay.org\/#organization","name":"Reserva de Biosfera Oxapampa Ash\u00e1ninka Y\u00e1nesha","url":"https:\/\/bioay.org\/","logo":{"@type":"ImageObject","inLanguage":"es","@id":"https:\/\/bioay.org\/#\/schema\/logo\/image\/","url":"https:\/\/bioay.org\/wp-content\/uploads\/2020\/09\/logo-bioay-1.png","contentUrl":"https:\/\/bioay.org\/wp-content\/uploads\/2020\/09\/logo-bioay-1.png","width":225,"height":225,"caption":"Reserva de Biosfera Oxapampa Ash\u00e1ninka Y\u00e1nesha"},"image":{"@id":"https:\/\/bioay.org\/#\/schema\/logo\/image\/"},"sameAs":["https:\/\/web.facebook.com\/BIOAYOFICIAL","https:\/\/x.com\/biosferaoxa","https:\/\/www.instagram.com\/biosferaoxapampa\/","https:\/\/www.youtube.com\/channel\/UCKNpZrZsnVsKI4YgsaiTCbA"]}]}},"_links":{"self":[{"href":"https:\/\/bioay.org\/index.php?rest_route=\/wp\/v2\/pages\/1167","targetHints":{"allow":["GET"]}}],"collection":[{"href":"https:\/\/bioay.org\/index.php?rest_route=\/wp\/v2\/pages"}],"about":[{"href":"https:\/\/bioay.org\/index.php?rest_route=\/wp\/v2\/types\/page"}],"author":[{"embeddable":true,"href":"https:\/\/bioay.org\/index.php?rest_route=\/wp\/v2\/users\/4"}],"replies":[{"embeddable":true,"href":"https:\/\/bioay.org\/index.php?rest_route=%2Fwp%2Fv2%2Fcomments&post=1167"}],"version-history":[{"count":12,"href":"https:\/\/bioay.org\/index.php?rest_route=\/wp\/v2\/pages\/1167\/revisions"}],"predecessor-version":[{"id":1449,"href":"https:\/\/bioay.org\/index.php?rest_route=\/wp\/v2\/pages\/1167\/revisions\/1449"}],"wp:attachment":[{"href":"https:\/\/bioay.org\/index.php?rest_route=%2Fwp%2Fv2%2Fmedia&parent=1167"}],"curies":[{"name":"wp","href":"https:\/\/api.w.org\/{rel}","templated":true}]}}