{"id":1475,"date":"2020-09-01T16:01:19","date_gmt":"2020-09-01T16:01:19","guid":{"rendered":"https:\/\/bioay.org\/?page_id=1475"},"modified":"2022-05-19T22:04:51","modified_gmt":"2022-05-19T22:04:51","slug":"bioay-un-modelo-de-desarrollo-sostenible","status":"publish","type":"page","link":"https:\/\/bioay.org\/?page_id=1475","title":{"rendered":"BIOAY, un modelo de desarrollo sostenible"},"content":{"rendered":"<p>[vc_row][vc_column width=\u00bb1\/2&#8243;][vc_single_image image=\u00bb1669&#8243; img_size=\u00bb350&#215;200&#8243; alignment=\u00bbcenter\u00bb][\/vc_column][vc_column width=\u00bb1\/2&#8243;][vc_single_image image=\u00bb926&#8243; img_size=\u00bb320&#215;200&#8243; alignment=\u00bbcenter\u00bb css_animation=\u00bbfadeIn\u00bb][\/vc_column][\/vc_row][vc_row][vc_column][vc_column_text css_animation=\u00bbbounceInUp\u00bb]<!-- \/wp:post-content --><\/p>\n<p>\n\t\t\t<style type='text\/css'>\n\t\t\t\t#gallery-1 {\n\t\t\t\t\tmargin: auto;\n\t\t\t\t}\n\t\t\t\t#gallery-1 .gallery-item {\n\t\t\t\t\tfloat: left;\n\t\t\t\t\tmargin-top: 10px;\n\t\t\t\t\ttext-align: center;\n\t\t\t\t\twidth: 33%;\n\t\t\t\t}\n\t\t\t\t#gallery-1 img {\n\t\t\t\t\tborder: 2px solid #cfcfcf;\n\t\t\t\t}\n\t\t\t\t#gallery-1 .gallery-caption {\n\t\t\t\t\tmargin-left: 0;\n\t\t\t\t}\n\t\t\t\t\/* see gallery_shortcode() in wp-includes\/media.php *\/\n\t\t\t<\/style>\n\t\t<div id='gallery-1' class='dt-gallery-container gallery galleryid-1475 gallery-columns-3 gallery-size-medium'><dl class='gallery-item'>\n\t\t\t\t<dt class='gallery-icon landscape'>\n\t\t\t\t\t<a class=\"rollover\" href='https:\/\/bioay.org\/?attachment_id=1493'><img fetchpriority=\"high\" decoding=\"async\" width=\"300\" height=\"200\" src=\"https:\/\/bioay.org\/wp-content\/uploads\/2020\/09\/Laboratorio-de-Caf\u00e9-Villa-Rica-108-300x200.jpg\" class=\"attachment-medium size-medium\" alt=\"\" srcset=\"https:\/\/bioay.org\/wp-content\/uploads\/2020\/09\/Laboratorio-de-Caf\u00e9-Villa-Rica-108-300x200.jpg 300w, https:\/\/bioay.org\/wp-content\/uploads\/2020\/09\/Laboratorio-de-Caf\u00e9-Villa-Rica-108-1024x683.jpg 1024w, https:\/\/bioay.org\/wp-content\/uploads\/2020\/09\/Laboratorio-de-Caf\u00e9-Villa-Rica-108-768x513.jpg 768w, https:\/\/bioay.org\/wp-content\/uploads\/2020\/09\/Laboratorio-de-Caf\u00e9-Villa-Rica-108-1536x1025.jpg 1536w, https:\/\/bioay.org\/wp-content\/uploads\/2020\/09\/Laboratorio-de-Caf\u00e9-Villa-Rica-108-2048x1367.jpg 2048w\" sizes=\"(max-width: 300px) 100vw, 300px\" \/><\/a>\n\t\t\t\t<\/dt><\/dl><dl class='gallery-item'>\n\t\t\t\t<dt class='gallery-icon landscape'>\n\t\t\t\t\t<a class=\"rollover\" href='https:\/\/bioay.org\/?attachment_id=851'><img decoding=\"async\" width=\"300\" height=\"200\" src=\"https:\/\/bioay.org\/wp-content\/uploads\/2020\/02\/0Q4A6507-300x200.jpg\" class=\"attachment-medium size-medium\" alt=\"\" srcset=\"https:\/\/bioay.org\/wp-content\/uploads\/2020\/02\/0Q4A6507-300x200.jpg 300w, https:\/\/bioay.org\/wp-content\/uploads\/2020\/02\/0Q4A6507-768x512.jpg 768w, https:\/\/bioay.org\/wp-content\/uploads\/2020\/02\/0Q4A6507-1024x683.jpg 1024w\" sizes=\"(max-width: 300px) 100vw, 300px\" \/><\/a>\n\t\t\t\t<\/dt><\/dl><dl class='gallery-item'>\n\t\t\t\t<dt class='gallery-icon landscape'>\n\t\t\t\t\t<a class=\"rollover\" href='https:\/\/bioay.org\/?attachment_id=1376'><img decoding=\"async\" width=\"300\" height=\"200\" src=\"https:\/\/bioay.org\/wp-content\/uploads\/2020\/08\/Museo-Egg-Vogt-36-300x200.jpg\" class=\"attachment-medium size-medium\" alt=\"\" srcset=\"https:\/\/bioay.org\/wp-content\/uploads\/2020\/08\/Museo-Egg-Vogt-36-300x200.jpg 300w, https:\/\/bioay.org\/wp-content\/uploads\/2020\/08\/Museo-Egg-Vogt-36-1024x683.jpg 1024w, https:\/\/bioay.org\/wp-content\/uploads\/2020\/08\/Museo-Egg-Vogt-36-768x513.jpg 768w, https:\/\/bioay.org\/wp-content\/uploads\/2020\/08\/Museo-Egg-Vogt-36-1536x1025.jpg 1536w, https:\/\/bioay.org\/wp-content\/uploads\/2020\/08\/Museo-Egg-Vogt-36-2048x1367.jpg 2048w\" sizes=\"(max-width: 300px) 100vw, 300px\" \/><\/a>\n\t\t\t\t<\/dt><\/dl><br style=\"clear: both\" \/>\n\t\t\t<\/div>\n<br \/>\n<!-- \/wp:paragraph -->&nbsp;[\/vc_column_text][\/vc_column][\/vc_row][vc_row][vc_column][vc_column_text]<!-- \/wp:paragraph --><\/p>\n<p style=\"text-align: justify;\">La Reserva de Biosfera Oxapampa &#8211; Ash\u00e1ninka &#8211; Y\u00e1nesha (BIOAY) pone en valor a la provincia de Oxapampa y lo que en ella se produce, al tiempo que se\u00f1ala la senda para un desarrollo arm\u00f3nico entre las poblaciones locales y el medio ambiente que les rodea.<\/p>\n<p style=\"text-align: justify;\">El que este abanico de beneficios potenciales se haga realidad es una responsabilidad compartida por las autoridades regionales y municipales y por todos los pobladores de la provincia de Oxapampa, comprendidos en ocho distritos. <!-- wp:paragraph -->Confiamos en que animar\u00e1 esta tarea el mismo esp\u00edritu constructivo e integrador que uni\u00f3 a diversos actores de la provincia de Oxapampa en torno a la creaci\u00f3n de la BIOAY y que se refleje en su gesti\u00f3n participativa.<\/p>\n<p style=\"text-align: justify;\">Fotos: Henry Gines<\/p>\n<p style=\"text-align: justify;\"><!-- \/wp:paragraph --><\/p>\n<p>[\/vc_column_text][\/vc_column][\/vc_row]<\/p>\n","protected":false},"excerpt":{"rendered":"<p>[vc_row][vc_column width=\u00bb1\/2&#8243;][vc_single_image image=\u00bb1669&#8243; img_size=\u00bb350&#215;200&#8243; alignment=\u00bbcenter\u00bb][\/vc_column][vc_column width=\u00bb1\/2&#8243;][vc_single_image image=\u00bb926&#8243; img_size=\u00bb320&#215;200&#8243; alignment=\u00bbcenter\u00bb css_animation=\u00bbfadeIn\u00bb][\/vc_column][\/vc_row][vc_row][vc_column][vc_column_text css_animation=\u00bbbounceInUp\u00bb] &nbsp;[\/vc_column_text][\/vc_column][\/vc_row][vc_row][vc_column][vc_column_text] La Reserva de Biosfera Oxapampa &#8211; Ash\u00e1ninka &#8211; Y\u00e1nesha (BIOAY) pone en valor a la provincia de Oxapampa y lo que en ella se produce, al tiempo que se\u00f1ala la senda para un desarrollo arm\u00f3nico entre las poblaciones locales y el medio ambiente&hellip;<\/p>\n","protected":false},"author":4,"featured_media":0,"parent":0,"menu_order":0,"comment_status":"closed","ping_status":"closed","template":"","meta":{"_joinchat":[]},"class_list":["post-1475","page","type-page","status-publish","hentry","description-off"],"yoast_head":"<!-- This site is optimized with the Yoast SEO plugin v26.2 - https:\/\/yoast.com\/wordpress\/plugins\/seo\/ -->\n<title>BIOAY, un modelo de desarrollo sostenible - BIOAY<\/title>\n<meta name=\"robots\" content=\"index, follow, max-snippet:-1, max-image-preview:large, max-video-preview:-1\" \/>\n<link rel=\"canonical\" href=\"https:\/\/bioay.org\/?page_id=1475\" \/>\n<meta property=\"og:locale\" content=\"es_ES\" \/>\n<meta property=\"og:type\" content=\"article\" \/>\n<meta property=\"og:title\" content=\"BIOAY, un modelo de desarrollo sostenible - BIOAY\" \/>\n<meta property=\"og:description\" content=\"[vc_row][vc_column width=\u00bb1\/2&#8243;][vc_single_image image=\u00bb1669&#8243; img_size=\u00bb350&#215;200&#8243; alignment=\u00bbcenter\u00bb][\/vc_column][vc_column width=\u00bb1\/2&#8243;][vc_single_image image=\u00bb926&#8243; img_size=\u00bb320&#215;200&#8243; alignment=\u00bbcenter\u00bb css_animation=\u00bbfadeIn\u00bb][\/vc_column][\/vc_row][vc_row][vc_column][vc_column_text css_animation=\u00bbbounceInUp\u00bb] &nbsp;[\/vc_column_text][\/vc_column][\/vc_row][vc_row][vc_column][vc_column_text] La Reserva de Biosfera Oxapampa &#8211; Ash\u00e1ninka &#8211; Y\u00e1nesha (BIOAY) pone en valor a la provincia de Oxapampa y lo que en ella se produce, al tiempo que se\u00f1ala la senda para un desarrollo arm\u00f3nico entre las poblaciones locales y el medio ambiente&hellip;\" \/>\n<meta property=\"og:url\" content=\"https:\/\/bioay.org\/?page_id=1475\" \/>\n<meta property=\"og:site_name\" content=\"BIOAY\" \/>\n<meta property=\"article:publisher\" content=\"https:\/\/web.facebook.com\/BIOAYOFICIAL\" \/>\n<meta property=\"article:modified_time\" content=\"2022-05-19T22:04:51+00:00\" \/>\n<meta property=\"og:image\" content=\"https:\/\/bioay.org\/wp-content\/uploads\/2020\/09\/Laboratorio-de-Caf\u00e9-Villa-Rica-108-300x200.jpg\" \/>\n<meta name=\"twitter:card\" content=\"summary_large_image\" \/>\n<meta name=\"twitter:site\" content=\"@biosferaoxa\" \/>\n<meta name=\"twitter:label1\" content=\"Tiempo de lectura\" \/>\n\t<meta name=\"twitter:data1\" content=\"1 minuto\" \/>\n<script type=\"application\/ld+json\" class=\"yoast-schema-graph\">{\"@context\":\"https:\/\/schema.org\",\"@graph\":[{\"@type\":\"WebPage\",\"@id\":\"https:\/\/bioay.org\/?page_id=1475\",\"url\":\"https:\/\/bioay.org\/?page_id=1475\",\"name\":\"BIOAY, un modelo de desarrollo sostenible - BIOAY\",\"isPartOf\":{\"@id\":\"https:\/\/bioay.org\/#website\"},\"datePublished\":\"2020-09-01T16:01:19+00:00\",\"dateModified\":\"2022-05-19T22:04:51+00:00\",\"breadcrumb\":{\"@id\":\"https:\/\/bioay.org\/?page_id=1475#breadcrumb\"},\"inLanguage\":\"es\",\"potentialAction\":[{\"@type\":\"ReadAction\",\"target\":[\"https:\/\/bioay.org\/?page_id=1475\"]}]},{\"@type\":\"BreadcrumbList\",\"@id\":\"https:\/\/bioay.org\/?page_id=1475#breadcrumb\",\"itemListElement\":[{\"@type\":\"ListItem\",\"position\":1,\"name\":\"Portada\",\"item\":\"https:\/\/bioay.org\/\"},{\"@type\":\"ListItem\",\"position\":2,\"name\":\"BIOAY, un modelo de desarrollo sostenible\"}]},{\"@type\":\"WebSite\",\"@id\":\"https:\/\/bioay.org\/#website\",\"url\":\"https:\/\/bioay.org\/\",\"name\":\"Reserva de Biosfera Oxapampa Ash\u00e1ninka Y\u00e1nesha\",\"description\":\"Reserva de Bi\u00f3sfera Oxapampa Ashaninka Yanesha\",\"publisher\":{\"@id\":\"https:\/\/bioay.org\/#organization\"},\"potentialAction\":[{\"@type\":\"SearchAction\",\"target\":{\"@type\":\"EntryPoint\",\"urlTemplate\":\"https:\/\/bioay.org\/?s={search_term_string}\"},\"query-input\":{\"@type\":\"PropertyValueSpecification\",\"valueRequired\":true,\"valueName\":\"search_term_string\"}}],\"inLanguage\":\"es\"},{\"@type\":\"Organization\",\"@id\":\"https:\/\/bioay.org\/#organization\",\"name\":\"Reserva de Biosfera Oxapampa Ash\u00e1ninka Y\u00e1nesha\",\"url\":\"https:\/\/bioay.org\/\",\"logo\":{\"@type\":\"ImageObject\",\"inLanguage\":\"es\",\"@id\":\"https:\/\/bioay.org\/#\/schema\/logo\/image\/\",\"url\":\"https:\/\/bioay.org\/wp-content\/uploads\/2020\/09\/logo-bioay-1.png\",\"contentUrl\":\"https:\/\/bioay.org\/wp-content\/uploads\/2020\/09\/logo-bioay-1.png\",\"width\":225,\"height\":225,\"caption\":\"Reserva de Biosfera Oxapampa Ash\u00e1ninka Y\u00e1nesha\"},\"image\":{\"@id\":\"https:\/\/bioay.org\/#\/schema\/logo\/image\/\"},\"sameAs\":[\"https:\/\/web.facebook.com\/BIOAYOFICIAL\",\"https:\/\/x.com\/biosferaoxa\",\"https:\/\/www.instagram.com\/biosferaoxapampa\/\",\"https:\/\/www.youtube.com\/channel\/UCKNpZrZsnVsKI4YgsaiTCbA\"]}]}<\/script>\n<!-- \/ Yoast SEO plugin. -->","yoast_head_json":{"title":"BIOAY, un modelo de desarrollo sostenible - BIOAY","robots":{"index":"index","follow":"follow","max-snippet":"max-snippet:-1","max-image-preview":"max-image-preview:large","max-video-preview":"max-video-preview:-1"},"canonical":"https:\/\/bioay.org\/?page_id=1475","og_locale":"es_ES","og_type":"article","og_title":"BIOAY, un modelo de desarrollo sostenible - BIOAY","og_description":"[vc_row][vc_column width=\u00bb1\/2&#8243;][vc_single_image image=\u00bb1669&#8243; img_size=\u00bb350&#215;200&#8243; alignment=\u00bbcenter\u00bb][\/vc_column][vc_column width=\u00bb1\/2&#8243;][vc_single_image image=\u00bb926&#8243; img_size=\u00bb320&#215;200&#8243; alignment=\u00bbcenter\u00bb css_animation=\u00bbfadeIn\u00bb][\/vc_column][\/vc_row][vc_row][vc_column][vc_column_text css_animation=\u00bbbounceInUp\u00bb] &nbsp;[\/vc_column_text][\/vc_column][\/vc_row][vc_row][vc_column][vc_column_text] La Reserva de Biosfera Oxapampa &#8211; Ash\u00e1ninka &#8211; Y\u00e1nesha (BIOAY) pone en valor a la provincia de Oxapampa y lo que en ella se produce, al tiempo que se\u00f1ala la senda para un desarrollo arm\u00f3nico entre las poblaciones locales y el medio ambiente&hellip;","og_url":"https:\/\/bioay.org\/?page_id=1475","og_site_name":"BIOAY","article_publisher":"https:\/\/web.facebook.com\/BIOAYOFICIAL","article_modified_time":"2022-05-19T22:04:51+00:00","og_image":[{"url":"https:\/\/bioay.org\/wp-content\/uploads\/2020\/09\/Laboratorio-de-Caf\u00e9-Villa-Rica-108-300x200.jpg","type":"","width":"","height":""}],"twitter_card":"summary_large_image","twitter_site":"@biosferaoxa","twitter_misc":{"Tiempo de lectura":"1 minuto"},"schema":{"@context":"https:\/\/schema.org","@graph":[{"@type":"WebPage","@id":"https:\/\/bioay.org\/?page_id=1475","url":"https:\/\/bioay.org\/?page_id=1475","name":"BIOAY, un modelo de desarrollo sostenible - BIOAY","isPartOf":{"@id":"https:\/\/bioay.org\/#website"},"datePublished":"2020-09-01T16:01:19+00:00","dateModified":"2022-05-19T22:04:51+00:00","breadcrumb":{"@id":"https:\/\/bioay.org\/?page_id=1475#breadcrumb"},"inLanguage":"es","potentialAction":[{"@type":"ReadAction","target":["https:\/\/bioay.org\/?page_id=1475"]}]},{"@type":"BreadcrumbList","@id":"https:\/\/bioay.org\/?page_id=1475#breadcrumb","itemListElement":[{"@type":"ListItem","position":1,"name":"Portada","item":"https:\/\/bioay.org\/"},{"@type":"ListItem","position":2,"name":"BIOAY, un modelo de desarrollo sostenible"}]},{"@type":"WebSite","@id":"https:\/\/bioay.org\/#website","url":"https:\/\/bioay.org\/","name":"Reserva de Biosfera Oxapampa Ash\u00e1ninka Y\u00e1nesha","description":"Reserva de Bi\u00f3sfera Oxapampa Ashaninka Yanesha","publisher":{"@id":"https:\/\/bioay.org\/#organization"},"potentialAction":[{"@type":"SearchAction","target":{"@type":"EntryPoint","urlTemplate":"https:\/\/bioay.org\/?s={search_term_string}"},"query-input":{"@type":"PropertyValueSpecification","valueRequired":true,"valueName":"search_term_string"}}],"inLanguage":"es"},{"@type":"Organization","@id":"https:\/\/bioay.org\/#organization","name":"Reserva de Biosfera Oxapampa Ash\u00e1ninka Y\u00e1nesha","url":"https:\/\/bioay.org\/","logo":{"@type":"ImageObject","inLanguage":"es","@id":"https:\/\/bioay.org\/#\/schema\/logo\/image\/","url":"https:\/\/bioay.org\/wp-content\/uploads\/2020\/09\/logo-bioay-1.png","contentUrl":"https:\/\/bioay.org\/wp-content\/uploads\/2020\/09\/logo-bioay-1.png","width":225,"height":225,"caption":"Reserva de Biosfera Oxapampa Ash\u00e1ninka Y\u00e1nesha"},"image":{"@id":"https:\/\/bioay.org\/#\/schema\/logo\/image\/"},"sameAs":["https:\/\/web.facebook.com\/BIOAYOFICIAL","https:\/\/x.com\/biosferaoxa","https:\/\/www.instagram.com\/biosferaoxapampa\/","https:\/\/www.youtube.com\/channel\/UCKNpZrZsnVsKI4YgsaiTCbA"]}]}},"_links":{"self":[{"href":"https:\/\/bioay.org\/index.php?rest_route=\/wp\/v2\/pages\/1475","targetHints":{"allow":["GET"]}}],"collection":[{"href":"https:\/\/bioay.org\/index.php?rest_route=\/wp\/v2\/pages"}],"about":[{"href":"https:\/\/bioay.org\/index.php?rest_route=\/wp\/v2\/types\/page"}],"author":[{"embeddable":true,"href":"https:\/\/bioay.org\/index.php?rest_route=\/wp\/v2\/users\/4"}],"replies":[{"embeddable":true,"href":"https:\/\/bioay.org\/index.php?rest_route=%2Fwp%2Fv2%2Fcomments&post=1475"}],"version-history":[{"count":13,"href":"https:\/\/bioay.org\/index.php?rest_route=\/wp\/v2\/pages\/1475\/revisions"}],"predecessor-version":[{"id":1670,"href":"https:\/\/bioay.org\/index.php?rest_route=\/wp\/v2\/pages\/1475\/revisions\/1670"}],"wp:attachment":[{"href":"https:\/\/bioay.org\/index.php?rest_route=%2Fwp%2Fv2%2Fmedia&parent=1475"}],"curies":[{"name":"wp","href":"https:\/\/api.w.org\/{rel}","templated":true}]}}